{"id":37,"date":"2015-09-13T15:16:20","date_gmt":"2015-09-13T15:16:20","guid":{"rendered":"http:\/\/www.malagabasenavalaccidental.com\/?page_id=37"},"modified":"2016-02-11T16:56:58","modified_gmt":"2016-02-11T16:56:58","slug":"el-libro","status":"publish","type":"page","link":"http:\/\/www.malagabasenavalaccidental.com\/?page_id=37","title":{"rendered":"El Libro"},"content":{"rendered":"<table style=\"height: 937px;\" border=\"0\" width=\"836\">\n<tbody>\n<tr>\n<td><span style=\"color: #000000;\"><strong>M\u00c1LAGA: BASE NAVAL ACCIDENTAL<\/strong><\/span><br \/>\n<span style=\"font-size: 8pt; color: #000000;\"> (Foto de portada: Fotograf\u00eda a\u00e9rea del puerto de M\u00e1laga, Espa\u00f1a, Ministerio de Defensa. Archivo General de la Marina \u00c1lvaro de Baz\u00e1n, carpeta 8906).<br \/>\nFotograf\u00eda de Baudilio Sanmart\u00edn Garc\u00eda, fuente Baudilio Sanmart\u00edn Alonso.<br \/>\nFotograf\u00eda de Remigio Verd\u00eda Jol\u00ed, fuente Mar\u00eda Jos\u00e9 Verd\u00eda Mond\u00e9jar<\/span><\/p>\n<p><span style=\"color: #000000;\"><strong>Paginas: <\/strong>512<strong>\u00a0ISBN<\/strong>: 978-84-608-5053-3 \u00a0<strong>Autor<\/strong>: Luis Miguel Cerdera Jim\u00e9nez \u00a0\u00a0\u00a0<strong>Precio: 24,50\u00a0\u20ac IVA incluido. Oferta de lanzamiento: env\u00edo gratuito.\u00a0<\/strong><\/span><\/p>\n<p><span style=\"color: #000000;\">La base naval de M\u00e1laga en la Guerra Civil Espa\u00f1ola merece un estudio unitario e independiente. La acogida en sus aguas de la mayor\u00eda de los buques de guerra que quedaron en manos republicanas da prueba de la importancia estrat\u00e9gica que tuvo en los primeros meses de la contienda espa\u00f1ola.<\/span><span style=\"color: #000000;\">Adem\u00e1s, fue Jefatura de la base de submarinos a cuyo mando estaba el Capit\u00e1n de corbeta Remigio Verd\u00eda Jol\u00ed. Varios episodios de vital importancia tuvieron lugar en sus aguas, entre ellos, los hundimientos de los submarinos <em>B-5<\/em> y <em>C-3,<\/em> los guardacostas <em>Uad Lucus<\/em>, <em>Uad Muluya<\/em> y patrullera <em>I-5<\/em>, vapor <em>Delf\u00edn<\/em> y la importante p\u00e9rdida para la Escuadra gubernamental del destructor <em>Almirante Ferr\u00e1ndiz<\/em>, que zarp\u00f3 de M\u00e1laga antes de su hundimiento.<\/span><span style=\"color: #000000;\">Esta es la historia del Jefe de la base Baudilio Sanmart\u00edn Garc\u00eda y de los hombres que convivieron en ella desde el 18 de julio de 1936 hasta que abandonada a su suerte cay\u00f3 en poder de la Marina sublevada el 8 de febrero de 1937.<\/span><\/p>\n<p><span style=\"color: #000000;\">Librer\u00edas colaboradoras:<span style=\"color: #0000ff;\"><a style=\"color: #0000ff;\" href=\"http:\/\/www.centrallibrera.com\/libro\/malaga-base-naval-accidental_138606\" target=\"_blank\"> Central Librera (Ferrol)<\/a><\/span><\/span><\/p>\n<p style=\"text-align: center;\"><a href=\"http:\/\/www.malagabasenavalaccidental.com\/wp-content\/uploads\/2015\/09\/portada_nueva.png\"><img loading=\"lazy\" decoding=\"async\" class=\"alignnone wp-image-111\" src=\"http:\/\/www.malagabasenavalaccidental.com\/wp-content\/uploads\/2015\/09\/portada_nueva-300x300.png\" alt=\"portada_nueva\" width=\"500\" height=\"500\" srcset=\"http:\/\/www.malagabasenavalaccidental.com\/wp-content\/uploads\/2015\/09\/portada_nueva-300x300.png 300w, http:\/\/www.malagabasenavalaccidental.com\/wp-content\/uploads\/2015\/09\/portada_nueva-150x150.png 150w, http:\/\/www.malagabasenavalaccidental.com\/wp-content\/uploads\/2015\/09\/portada_nueva-1021x1024.png 1021w, http:\/\/www.malagabasenavalaccidental.com\/wp-content\/uploads\/2015\/09\/portada_nueva-730x732.png 730w, http:\/\/www.malagabasenavalaccidental.com\/wp-content\/uploads\/2015\/09\/portada_nueva.png 1468w\" sizes=\"auto, (max-width: 500px) 100vw, 500px\" \/><\/a><\/p>\n<\/td>\n<\/tr>\n<\/tbody>\n<\/table>\n<p>&nbsp;<\/p>\n","protected":false},"excerpt":{"rendered":"<p>M\u00c1LAGA: BASE NAVAL ACCIDENTAL (Foto de portada: Fotograf\u00eda a\u00e9rea del puerto de M\u00e1laga, Espa\u00f1a, Ministerio de Defensa. Archivo General de la Marina \u00c1lvaro de Baz\u00e1n, carpeta 8906). Fotograf\u00eda de Baudilio Sanmart\u00edn Garc\u00eda, fuente Baudilio Sanmart\u00edn Alonso. Fotograf\u00eda de Remigio Verd\u00eda Jol\u00ed, fuente Mar\u00eda Jos\u00e9 Verd\u00eda Mond\u00e9jar Paginas: 512\u00a0ISBN: 978-84-608-5053-3 \u00a0Autor: Luis Miguel Cerdera Jim\u00e9nez \u00a0\u00a0\u00a0Precio: [&hellip;]<\/p>\n","protected":false},"author":3,"featured_media":0,"parent":0,"menu_order":0,"comment_status":"closed","ping_status":"closed","template":"","meta":{"footnotes":""},"class_list":["post-37","page","type-page","status-publish","hentry"],"_links":{"self":[{"href":"http:\/\/www.malagabasenavalaccidental.com\/index.php?rest_route=\/wp\/v2\/pages\/37","targetHints":{"allow":["GET"]}}],"collection":[{"href":"http:\/\/www.malagabasenavalaccidental.com\/index.php?rest_route=\/wp\/v2\/pages"}],"about":[{"href":"http:\/\/www.malagabasenavalaccidental.com\/index.php?rest_route=\/wp\/v2\/types\/page"}],"author":[{"embeddable":true,"href":"http:\/\/www.malagabasenavalaccidental.com\/index.php?rest_route=\/wp\/v2\/users\/3"}],"replies":[{"embeddable":true,"href":"http:\/\/www.malagabasenavalaccidental.com\/index.php?rest_route=%2Fwp%2Fv2%2Fcomments&post=37"}],"version-history":[{"count":36,"href":"http:\/\/www.malagabasenavalaccidental.com\/index.php?rest_route=\/wp\/v2\/pages\/37\/revisions"}],"predecessor-version":[{"id":126,"href":"http:\/\/www.malagabasenavalaccidental.com\/index.php?rest_route=\/wp\/v2\/pages\/37\/revisions\/126"}],"wp:attachment":[{"href":"http:\/\/www.malagabasenavalaccidental.com\/index.php?rest_route=%2Fwp%2Fv2%2Fmedia&parent=37"}],"curies":[{"name":"wp","href":"https:\/\/api.w.org\/{rel}","templated":true}]}}