{"id":102,"date":"2016-02-03T18:44:36","date_gmt":"2016-02-03T18:44:36","guid":{"rendered":"http:\/\/www.malagabasenavalaccidental.com\/?page_id=102"},"modified":"2016-02-11T16:52:12","modified_gmt":"2016-02-11T16:52:12","slug":"galeria-fotografica","status":"publish","type":"page","link":"http:\/\/www.malagabasenavalaccidental.com\/?page_id=102","title":{"rendered":"Galer\u00eda de fotos"},"content":{"rendered":"<figure id=\"attachment_104\" aria-describedby=\"caption-attachment-104\" style=\"width: 220px\" class=\"wp-caption alignnone\"><a href=\"http:\/\/www.malagabasenavalaccidental.com\/wp-content\/uploads\/2016\/02\/Foto_7-submarino-puerto-M\u00e1laga.jpg\"><img loading=\"lazy\" decoding=\"async\" class=\"size-medium wp-image-104\" src=\"http:\/\/www.malagabasenavalaccidental.com\/wp-content\/uploads\/2016\/02\/Foto_7-submarino-puerto-M\u00e1laga-220x300.jpg\" alt=\"Submarino Republicano amarrado puerto de M\u00e1laga Verano del 36\" width=\"220\" height=\"300\" srcset=\"http:\/\/www.malagabasenavalaccidental.com\/wp-content\/uploads\/2016\/02\/Foto_7-submarino-puerto-M\u00e1laga-220x300.jpg 220w, http:\/\/www.malagabasenavalaccidental.com\/wp-content\/uploads\/2016\/02\/Foto_7-submarino-puerto-M\u00e1laga-751x1024.jpg 751w, http:\/\/www.malagabasenavalaccidental.com\/wp-content\/uploads\/2016\/02\/Foto_7-submarino-puerto-M\u00e1laga-730x995.jpg 730w, http:\/\/www.malagabasenavalaccidental.com\/wp-content\/uploads\/2016\/02\/Foto_7-submarino-puerto-M\u00e1laga.jpg 1360w\" sizes=\"auto, (max-width: 220px) 100vw, 220px\" \/><\/a><figcaption id=\"caption-attachment-104\" class=\"wp-caption-text\"><span style=\"color: #000000;\">Submarino republicano amarrado Puerto de M\u00e1laga. (Posiblemente el B-5, unos dias antes de su desaparici\u00f3n) Pag.122<\/span><\/figcaption><\/figure>\n<figure id=\"attachment_105\" aria-describedby=\"caption-attachment-105\" style=\"width: 300px\" class=\"wp-caption alignnone\"><a href=\"http:\/\/www.malagabasenavalaccidental.com\/wp-content\/uploads\/2016\/02\/barco-pesquero-republica-puerto-malaga.jpg\"><img loading=\"lazy\" decoding=\"async\" class=\"size-medium wp-image-105\" src=\"http:\/\/www.malagabasenavalaccidental.com\/wp-content\/uploads\/2016\/02\/barco-pesquero-republica-puerto-malaga-300x222.jpg\" alt=\"Vapor pesquero requisado. Puerto de M\u00e1laga. Pag. 92\" width=\"300\" height=\"222\" srcset=\"http:\/\/www.malagabasenavalaccidental.com\/wp-content\/uploads\/2016\/02\/barco-pesquero-republica-puerto-malaga-300x222.jpg 300w, http:\/\/www.malagabasenavalaccidental.com\/wp-content\/uploads\/2016\/02\/barco-pesquero-republica-puerto-malaga-1024x759.jpg 1024w, http:\/\/www.malagabasenavalaccidental.com\/wp-content\/uploads\/2016\/02\/barco-pesquero-republica-puerto-malaga-730x541.jpg 730w, http:\/\/www.malagabasenavalaccidental.com\/wp-content\/uploads\/2016\/02\/barco-pesquero-republica-puerto-malaga.jpg 1594w\" sizes=\"auto, (max-width: 300px) 100vw, 300px\" \/><\/a><figcaption id=\"caption-attachment-105\" class=\"wp-caption-text\"><span style=\"color: #000000;\">Vapor pesquero requisado. Puerto de M\u00e1laga. Pag. 92<\/span><\/figcaption><\/figure>\n<figure id=\"attachment_115\" aria-describedby=\"caption-attachment-115\" style=\"width: 300px\" class=\"wp-caption alignnone\"><a href=\"http:\/\/www.malagabasenavalaccidental.com\/wp-content\/uploads\/2016\/02\/M\u00e1laga-Almirante-Lobo.jpg\"><img loading=\"lazy\" decoding=\"async\" class=\"size-medium wp-image-115\" src=\"http:\/\/www.malagabasenavalaccidental.com\/wp-content\/uploads\/2016\/02\/M\u00e1laga-Almirante-Lobo-300x175.jpg\" alt=\"Transporte de guerra &quot;Almirante Lobo&quot; , unos a\u00f1os antes de la guerra.\" width=\"300\" height=\"175\" srcset=\"http:\/\/www.malagabasenavalaccidental.com\/wp-content\/uploads\/2016\/02\/M\u00e1laga-Almirante-Lobo-300x175.jpg 300w, http:\/\/www.malagabasenavalaccidental.com\/wp-content\/uploads\/2016\/02\/M\u00e1laga-Almirante-Lobo.jpg 643w\" sizes=\"auto, (max-width: 300px) 100vw, 300px\" \/><\/a><figcaption id=\"caption-attachment-115\" class=\"wp-caption-text\"><span style=\"color: #000000;\">Transporte de guerra \u00abAlmirante Lobo\u00bb , unos a\u00f1os antes de la guerra.<\/span><\/figcaption><\/figure>\n<figure id=\"attachment_116\" aria-describedby=\"caption-attachment-116\" style=\"width: 300px\" class=\"wp-caption alignnone\"><a href=\"http:\/\/www.malagabasenavalaccidental.com\/wp-content\/uploads\/2016\/02\/hidroavion-legion-condor-malaga.jpg\"><img loading=\"lazy\" decoding=\"async\" class=\"size-medium wp-image-116\" src=\"http:\/\/www.malagabasenavalaccidental.com\/wp-content\/uploads\/2016\/02\/hidroavion-legion-condor-malaga-300x198.jpg\" alt=\"Hidroavi\u00f3n averiado Legi\u00f3n C\u00f3ndor.\" width=\"300\" height=\"198\" srcset=\"http:\/\/www.malagabasenavalaccidental.com\/wp-content\/uploads\/2016\/02\/hidroavion-legion-condor-malaga-300x198.jpg 300w, http:\/\/www.malagabasenavalaccidental.com\/wp-content\/uploads\/2016\/02\/hidroavion-legion-condor-malaga-1024x675.jpg 1024w, http:\/\/www.malagabasenavalaccidental.com\/wp-content\/uploads\/2016\/02\/hidroavion-legion-condor-malaga-730x481.jpg 730w, http:\/\/www.malagabasenavalaccidental.com\/wp-content\/uploads\/2016\/02\/hidroavion-legion-condor-malaga.jpg 1090w\" sizes=\"auto, (max-width: 300px) 100vw, 300px\" \/><\/a><figcaption id=\"caption-attachment-116\" class=\"wp-caption-text\"><span style=\"color: #000000;\">Hidroavi\u00f3n averiado Legi\u00f3n C\u00f3ndor.<\/span><\/figcaption><\/figure>\n<figure id=\"attachment_79\" aria-describedby=\"caption-attachment-79\" style=\"width: 300px\" class=\"wp-caption alignnone\"><a href=\"http:\/\/www.malagabasenavalaccidental.com\/wp-content\/uploads\/2015\/09\/cropped-sello-bueno-e14421669371781.png\"><img loading=\"lazy\" decoding=\"async\" class=\"size-medium wp-image-79\" src=\"http:\/\/www.malagabasenavalaccidental.com\/wp-content\/uploads\/2015\/09\/cropped-sello-bueno-e14421669371781-300x300.png\" alt=\"Sello utilizado por el jefe de la Base Naval Baudilio Sanmart\u00edn.\" width=\"300\" height=\"300\" srcset=\"http:\/\/www.malagabasenavalaccidental.com\/wp-content\/uploads\/2015\/09\/cropped-sello-bueno-e14421669371781-300x300.png 300w, http:\/\/www.malagabasenavalaccidental.com\/wp-content\/uploads\/2015\/09\/cropped-sello-bueno-e14421669371781-150x150.png 150w, http:\/\/www.malagabasenavalaccidental.com\/wp-content\/uploads\/2015\/09\/cropped-sello-bueno-e14421669371781-270x270.png 270w, http:\/\/www.malagabasenavalaccidental.com\/wp-content\/uploads\/2015\/09\/cropped-sello-bueno-e14421669371781-192x192.png 192w, http:\/\/www.malagabasenavalaccidental.com\/wp-content\/uploads\/2015\/09\/cropped-sello-bueno-e14421669371781-180x180.png 180w, http:\/\/www.malagabasenavalaccidental.com\/wp-content\/uploads\/2015\/09\/cropped-sello-bueno-e14421669371781-32x32.png 32w, http:\/\/www.malagabasenavalaccidental.com\/wp-content\/uploads\/2015\/09\/cropped-sello-bueno-e14421669371781.png 512w\" sizes=\"auto, (max-width: 300px) 100vw, 300px\" \/><\/a><figcaption id=\"caption-attachment-79\" class=\"wp-caption-text\"><span style=\"color: #000000;\">Sello utilizado por el jefe de la Base Naval Baudilio Sanmart\u00edn.<\/span><\/figcaption><\/figure>\n","protected":false},"excerpt":{"rendered":"","protected":false},"author":3,"featured_media":0,"parent":0,"menu_order":0,"comment_status":"closed","ping_status":"closed","template":"","meta":{"footnotes":""},"class_list":["post-102","page","type-page","status-publish","hentry"],"_links":{"self":[{"href":"http:\/\/www.malagabasenavalaccidental.com\/index.php?rest_route=\/wp\/v2\/pages\/102","targetHints":{"allow":["GET"]}}],"collection":[{"href":"http:\/\/www.malagabasenavalaccidental.com\/index.php?rest_route=\/wp\/v2\/pages"}],"about":[{"href":"http:\/\/www.malagabasenavalaccidental.com\/index.php?rest_route=\/wp\/v2\/types\/page"}],"author":[{"embeddable":true,"href":"http:\/\/www.malagabasenavalaccidental.com\/index.php?rest_route=\/wp\/v2\/users\/3"}],"replies":[{"embeddable":true,"href":"http:\/\/www.malagabasenavalaccidental.com\/index.php?rest_route=%2Fwp%2Fv2%2Fcomments&post=102"}],"version-history":[{"count":7,"href":"http:\/\/www.malagabasenavalaccidental.com\/index.php?rest_route=\/wp\/v2\/pages\/102\/revisions"}],"predecessor-version":[{"id":119,"href":"http:\/\/www.malagabasenavalaccidental.com\/index.php?rest_route=\/wp\/v2\/pages\/102\/revisions\/119"}],"wp:attachment":[{"href":"http:\/\/www.malagabasenavalaccidental.com\/index.php?rest_route=%2Fwp%2Fv2%2Fmedia&parent=102"}],"curies":[{"name":"wp","href":"https:\/\/api.w.org\/{rel}","templated":true}]}}